{"id":221,"date":"2020-05-17T18:54:16","date_gmt":"2020-05-17T16:54:16","guid":{"rendered":"https:\/\/protec.anhydride-acide.fr\/?page_id=221"},"modified":"2020-06-01T14:10:09","modified_gmt":"2020-06-01T12:10:09","slug":"reserve-operationnelle","status":"publish","type":"page","link":"https:\/\/protec.anhydride-acide.fr\/?page_id=221","title":{"rendered":"R\u00e9serve Op\u00e9rationnelle"},"content":{"rendered":"\t\t<div data-elementor-type=\"wp-page\" data-elementor-id=\"221\" class=\"elementor elementor-221\" data-elementor-settings=\"[]\">\n\t\t\t\t\t\t<div class=\"elementor-inner\">\n\t\t\t\t\t\t\t<div class=\"elementor-section-wrap\">\n\t\t\t\t\t\t\t<section class=\"elementor-section elementor-top-section elementor-element elementor-element-931be7d elementor-section-boxed elementor-section-height-default elementor-section-height-default\" data-id=\"931be7d\" data-element_type=\"section\">\n\t\t\t\t\t\t<div class=\"elementor-container elementor-column-gap-default\">\n\t\t\t\t\t\t\t<div class=\"elementor-row\">\n\t\t\t\t\t<div class=\"elementor-column elementor-col-100 elementor-top-column elementor-element elementor-element-a9e1efc\" data-id=\"a9e1efc\" data-element_type=\"column\">\n\t\t\t<div class=\"elementor-column-wrap elementor-element-populated\">\n\t\t\t\t\t\t\t<div class=\"elementor-widget-wrap\">\n\t\t\t\t\t\t<div class=\"elementor-element elementor-element-03596fb elementor-widget elementor-widget-text-editor\" data-id=\"03596fb\" data-element_type=\"widget\" data-widget_type=\"text-editor.default\">\n\t\t\t\t<div class=\"elementor-widget-container\">\n\t\t\t\t\t<div class=\"elementor-text-editor elementor-clearfix\"><p id=\"docs-internal-guid-d2bdfabb-7fff-f043-b4c2-3dfa9145fc84\" dir=\"ltr\" style=\"line-height: 1.38; margin-top: 0pt; margin-bottom: 0pt;\"><span style=\"font-size: 11pt; font-family: Arial; color: #0000ff; background-color: transparent; font-weight: bold; font-style: normal; font-variant: normal; text-decoration: none; vertical-align: baseline; white-space: pre-wrap;\">LES RESERVISTES DE LA PROTECTION CIVILE DE L&rsquo;ISERE<\/span><\/p><p dir=\"ltr\" style=\"line-height: 1.38; margin-top: 0pt; margin-bottom: 0pt;\"><span style=\"font-size: 11pt; font-family: Arial; color: #0000ff; background-color: transparent; font-weight: bold; font-style: normal; font-variant: normal; text-decoration: none; vertical-align: baseline; white-space: pre-wrap;\">\u00a0<\/span><\/p><ul style=\"margin-top: 0; margin-bottom: 0;\"><li dir=\"ltr\" style=\"list-style-type: disc; font-size: 11pt; font-family: Arial; color: #000000; background-color: transparent; font-weight: 400; font-style: normal; font-variant: normal; text-decoration: none; vertical-align: baseline; white-space: pre;\"><span style=\"font-size: 11pt; font-family: Arial; color: #000000; background-color: transparent; font-weight: 400; font-style: normal; font-variant: normal; text-decoration: underline; -webkit-text-decoration-skip: none; text-decoration-skip-ink: none; vertical-align: baseline; white-space: pre-wrap;\">En temps de crise :<\/span><span style=\"font-size: 11pt; font-family: Arial; color: #000000; background-color: transparent; font-weight: 400; font-style: normal; font-variant: normal; text-decoration: none; vertical-align: baseline; white-space: pre-wrap;\"> toute personne se pr\u00e9sentant spontan\u00e9ment avec la volont\u00e9 d\u2019aider, sans pr\u00e9rogative de formation<\/span><\/li><li dir=\"ltr\" style=\"list-style-type: disc; font-size: 11pt; font-family: Arial; color: #000000; background-color: transparent; font-weight: 400; font-style: normal; font-variant: normal; text-decoration: none; vertical-align: baseline; white-space: pre;\"><span style=\"font-size: 11pt; font-family: Arial; color: #000000; background-color: transparent; font-weight: 400; font-style: normal; font-variant: normal; text-decoration: underline; -webkit-text-decoration-skip: none; text-decoration-skip-ink: none; vertical-align: baseline; white-space: pre-wrap;\">En temps ordinaire : <\/span><span style=\"font-size: 11pt; font-family: Arial; color: #000000; background-color: transparent; font-weight: 400; font-style: normal; font-variant: normal; text-decoration: none; vertical-align: baseline; white-space: pre-wrap;\">b\u00e9n\u00e9vole ne voulant pas ou ne pouvant remplir les obligations pour \u00eatre membre actif de l\u2019association<\/span><\/li><\/ul><p dir=\"ltr\" style=\"line-height: 1.38; margin-top: 0pt; margin-bottom: 0pt;\"><span style=\"font-size: 11pt; font-family: Arial; color: #000000; background-color: transparent; font-weight: 400; font-style: normal; font-variant: normal; text-decoration: none; vertical-align: baseline; white-space: pre-wrap;\">Attention : parmi nos b\u00e9n\u00e9voles, on distingue les membres actifs et les r\u00e9servistes. Le cadre g\u00e9n\u00e9ral est le m\u00eame pour tous les b\u00e9n\u00e9voles, mais les exigences sont diff\u00e9rentes selon qu&rsquo;il est membre actif ou r\u00e9serviste.\u00a0<\/span><\/p><p>\u00a0<\/p><p dir=\"ltr\" style=\"line-height: 1.38; margin-top: 0pt; margin-bottom: 0pt;\"><span style=\"font-size: 11pt; font-family: Arial; color: #0000ff; background-color: transparent; font-weight: bold; font-style: normal; font-variant: normal; text-decoration: none; vertical-align: baseline; white-space: pre-wrap;\">LES MISSIONS DE LA RESERVE OPERATIONNELLE<br \/><\/span><\/p><p dir=\"ltr\" style=\"line-height: 1.38; margin-left: 36pt; margin-top: 0pt; margin-bottom: 0pt;\"><span style=\"font-size: 11pt; font-family: Arial; color: #000000; background-color: transparent; font-weight: 400; font-style: normal; font-variant: normal; text-decoration: none; vertical-align: baseline; white-space: pre-wrap;\">La r\u00e9serve intervient toujours en renfort de l&rsquo;effectif actif et est d\u00e9clench\u00e9 occasionnellement par le directeur op\u00e9rationnel :\u00a0<\/span><\/p><ul style=\"margin-top: 0; margin-bottom: 0;\"><li dir=\"ltr\" style=\"list-style-type: disc; font-size: 11pt; font-family: Arial; color: #000000; background-color: transparent; font-weight: 400; font-style: normal; font-variant: normal; text-decoration: none; vertical-align: baseline; white-space: pre;\"><span style=\"font-size: 11pt; font-family: Arial; color: #000000; background-color: transparent; font-weight: 400; font-style: normal; font-variant: normal; text-decoration: none; vertical-align: baseline; white-space: pre-wrap;\">en cas de crise ou d\u2019\u00e9v\u00e9nement majeur n\u00e9cessitant un renfort exceptionnel<\/span><\/li><\/ul><ul style=\"margin-top: 0; margin-bottom: 0;\"><li dir=\"ltr\" style=\"list-style-type: disc; font-size: 11pt; font-family: Arial; color: #000000; background-color: transparent; font-weight: 400; font-style: normal; font-variant: normal; text-decoration: none; vertical-align: baseline; white-space: pre;\"><span style=\"font-size: 11pt; font-family: Arial; color: #000000; background-color: transparent; font-weight: 400; font-style: normal; font-variant: normal; text-decoration: none; vertical-align: baseline; white-space: pre-wrap;\">sur la mise en place de DPS GE : logistique technique, vie quotidienne<\/span><\/li><li dir=\"ltr\" style=\"list-style-type: disc; font-size: 11pt; font-family: Arial; color: #000000; background-color: transparent; font-weight: 400; font-style: normal; font-variant: normal; text-decoration: none; vertical-align: baseline; white-space: pre;\"><span style=\"font-size: 11pt; font-family: Arial; color: #000000; background-color: transparent; font-weight: 400; font-style: normal; font-variant: normal; text-decoration: none; vertical-align: baseline; white-space: pre-wrap;\">en renfort secouriste pour les r\u00e9servistes form\u00e9s et \u00e0 jour<\/span><\/li><li dir=\"ltr\" style=\"list-style-type: disc; font-size: 11pt; font-family: Arial; color: #000000; background-color: transparent; font-weight: 400; font-style: normal; font-variant: normal; text-decoration: none; vertical-align: baseline; white-space: pre;\"><span style=\"font-size: 11pt; font-family: Arial; color: #000000; background-color: transparent; font-weight: 400; font-style: normal; font-variant: normal; text-decoration: none; vertical-align: baseline; white-space: pre-wrap;\">dans le cadre de plan communal de sauvegarde<\/span><\/li><li dir=\"ltr\" style=\"list-style-type: disc; font-size: 11pt; font-family: Arial; color: #000000; background-color: transparent; font-weight: 400; font-style: normal; font-variant: normal; text-decoration: none; vertical-align: baseline; white-space: pre;\"><span style=\"font-size: 11pt; font-family: Arial; color: #000000; background-color: transparent; font-weight: 400; font-style: normal; font-variant: normal; text-decoration: none; vertical-align: baseline; white-space: pre-wrap;\">dans le cadre des conventions FNPC sur le volet de l\u2019assistance aux populations : convention autoroute, SNCF, ENEDIS, Gendarmerie, CUMP\u00a0<\/span> <\/li><\/ul><p dir=\"ltr\" style=\"line-height: 1.38; margin-top: 0pt; margin-bottom: 0pt;\"><span style=\"font-size: 11pt; font-family: Arial; color: #0000ff; background-color: transparent; font-weight: bold; font-style: normal; font-variant: normal; text-decoration: none; vertical-align: baseline; white-space: pre-wrap;\">\u00a0<\/span><\/p><p dir=\"ltr\" style=\"line-height: 1.38; margin-top: 0pt; margin-bottom: 0pt;\"><span style=\"font-size: 11pt; font-family: Arial; color: #0000ff; background-color: transparent; font-weight: bold; font-style: normal; font-variant: normal; text-decoration: none; vertical-align: baseline; white-space: pre-wrap;\">CADRE OPERATIONNEL\u00a0 <\/span><span style=\"font-size: 11pt; font-family: Arial; color: #000000; background-color: transparent; font-weight: 400; font-style: normal; font-variant: normal; text-decoration: none; vertical-align: baseline; white-space: pre-wrap;\">: Missions B et C<\/span><\/p><\/div>\n\t\t\t\t<\/div>\n\t\t\t\t<\/div>\n\t\t\t\t\t\t<\/div>\n\t\t\t\t\t<\/div>\n\t\t<\/div>\n\t\t\t\t\t\t\t\t<\/div>\n\t\t\t\t\t<\/div>\n\t\t<\/section>\n\t\t\t\t\t\t<\/div>\n\t\t\t\t\t\t<\/div>\n\t\t\t\t\t<\/div>\n\t\t","protected":false},"excerpt":{"rendered":"<p>LES RESERVISTES DE LA PROTECTION CIVILE DE L&rsquo;ISERE \u00a0 En temps de crise : toute personne se pr\u00e9sentant spontan\u00e9ment avec la volont\u00e9 d\u2019aider, sans pr\u00e9rogative de formation En temps ordinaire : b\u00e9n\u00e9vole ne voulant pas ou ne pouvant remplir les obligations pour \u00eatre membre actif de l\u2019association Attention : parmi nos b\u00e9n\u00e9voles, on distingue les &#8230; <a title=\"R\u00e9serve Op\u00e9rationnelle\" class=\"read-more\" href=\"https:\/\/protec.anhydride-acide.fr\/?page_id=221\" aria-label=\"More on R\u00e9serve Op\u00e9rationnelle\">Lire plus<\/a><\/p>\n","protected":false},"author":9,"featured_media":0,"parent":0,"menu_order":0,"comment_status":"closed","ping_status":"closed","template":"","meta":[],"_links":{"self":[{"href":"https:\/\/protec.anhydride-acide.fr\/index.php?rest_route=\/wp\/v2\/pages\/221"}],"collection":[{"href":"https:\/\/protec.anhydride-acide.fr\/index.php?rest_route=\/wp\/v2\/pages"}],"about":[{"href":"https:\/\/protec.anhydride-acide.fr\/index.php?rest_route=\/wp\/v2\/types\/page"}],"author":[{"embeddable":true,"href":"https:\/\/protec.anhydride-acide.fr\/index.php?rest_route=\/wp\/v2\/users\/9"}],"replies":[{"embeddable":true,"href":"https:\/\/protec.anhydride-acide.fr\/index.php?rest_route=%2Fwp%2Fv2%2Fcomments&post=221"}],"version-history":[{"count":3,"href":"https:\/\/protec.anhydride-acide.fr\/index.php?rest_route=\/wp\/v2\/pages\/221\/revisions"}],"predecessor-version":[{"id":240,"href":"https:\/\/protec.anhydride-acide.fr\/index.php?rest_route=\/wp\/v2\/pages\/221\/revisions\/240"}],"wp:attachment":[{"href":"https:\/\/protec.anhydride-acide.fr\/index.php?rest_route=%2Fwp%2Fv2%2Fmedia&parent=221"}],"curies":[{"name":"wp","href":"https:\/\/api.w.org\/{rel}","templated":true}]}}